{"id":61,"date":"2026-08-28T09:39:17","date_gmt":"2026-08-28T09:39:17","guid":{"rendered":"https:\/\/kiiraaylespatriotes.sn\/?post_type=communique&#038;p=61"},"modified":"2026-08-28T09:39:17","modified_gmt":"2026-08-28T09:39:17","slug":"preparation-de-la-saison-des-pluies-recensement-des-points-critiques","status":"publish","type":"communique","link":"https:\/\/kiiraaylespatriotes.sn\/?communique=preparation-de-la-saison-des-pluies-recensement-des-points-critiques","title":{"rendered":"Pr\u00e9paration de la saison des pluies : recensement des points critiques"},"content":{"rendered":"\n<p class=\"wp-block-paragraph\">\/<\/p>\n\n\n\n<figure class=\"wp-block-image size-full is-resized\"><img loading=\"lazy\" decoding=\"async\" width=\"735\" height=\"417\" src=\"https:\/\/kiiraaylespatriotes.sn\/wp-content\/uploads\/2026\/08\/images.jpg\" alt=\"\" class=\"wp-image-63\" style=\"aspect-ratio:1.7625539690204477;width:639px;height:auto\" srcset=\"https:\/\/kiiraaylespatriotes.sn\/wp-content\/uploads\/2026\/08\/images.jpg 735w, https:\/\/kiiraaylespatriotes.sn\/wp-content\/uploads\/2026\/08\/images-300x170.jpg 300w\" sizes=\"auto, (max-width: 735px) 100vw, 735px\" \/><\/figure>\n\n\n\n<p class=\"wp-block-paragraph\">La directrice de cabinet adjointe du pr\u00e9sident de la R\u00e9publique, Fatou Kin\u00e9 Diakhat\u00e9, s\u2019est rendue ce jeudi aux Parcelles Assainies pour une visite de terrain consacr\u00e9e aux probl\u00e8mes r\u00e9currents d\u2019inondations que conna\u00eet la commune en p\u00e9riode hivernale. Membre fondatrice de KIIRAAY-Les Patriotes R\u00e9publicains,\u00a0<br><\/p>\n\n\n\n<p class=\"wp-block-paragraph\">Face \u00e0 la presse, Fatou Kin\u00e9 Diakhat\u00e9 a rappel\u00e9 que les Parcelles Assainies comptent plusieurs points bas structurellement expos\u00e9s aux eaux de ruissellement, un probl\u00e8me qui, selon elle, ne se limite pas aux eaux pluviales mais concerne \u00e9galement l\u2019\u00e9vacuation des eaux us\u00e9es. \u00ab Ce qui fait que, pratiquement douze mois sur douze, nous avons des probl\u00e8mes d\u2019assainissement aux Parcelles Assainies \u00bb, a-t-elle d\u00e9plor\u00e9, plaidant pour des solutions structurelles capables de r\u00e9gler durablement la question. Pour y parvenir, elle indique que l&rsquo;investissement citoyen doit \u00eatre au rendez-vous. C&rsquo;est pour cette raison qu&rsquo;elle a rendu visite \u00e0 certains notables et jeunes des quartiers des Parcelles assainies pour leur d\u00e9livrer le message en tant que r\u00e9sidente de la zone et consciente des difficult\u00e9s rencontr\u00e9es g\u00e9n\u00e9ralement par les populations.&nbsp;<br><\/p>\n\n\n\n<p class=\"wp-block-paragraph\">Parall\u00e8lement, elle a proc\u00e9d\u00e9 \u00e0 la remise d\u2019un lot de 50 motopompes, dont une partie a \u00e9t\u00e9 confi\u00e9e au sous-pr\u00e9fet et aux sapeurs-pompiers, le reste devant \u00eatre distribu\u00e9 aux d\u00e9l\u00e9gu\u00e9s de chacune des vingt unit\u00e9s que compte la commune. Cette remise des motopompes s\u2019inscrit dans une tourn\u00e9e devant couvrir l\u2019ensemble des vingt unit\u00e9s de la commune, avec l\u2019attribution d\u2019un \u00e9quipement \u00e0 chaque d\u00e9l\u00e9gu\u00e9 de quartier. Pour la responsable de KIIRAAY, il s\u2019agit toutefois de r\u00e9ponses conjoncturelles, en attendant des mesures de fond. Elle a ainsi annonc\u00e9 la tenue d\u2019un forum sur l\u2019assainissement aux Parcelles Assainies le week-end du 12 septembre 2026, auquel seront convi\u00e9s les d\u00e9l\u00e9gu\u00e9s de quartier, les pr\u00e9sidents de conseils consultatifs de quartier, les Associations sportives et culturelles (ASC), les organisations de jeunesse de quartier, les relais communautaires ainsi que des experts du secteur.<br><\/p>\n\n\n\n<p class=\"wp-block-paragraph\">Selon Fatou Kin\u00e9 Diakhat\u00e9, les conclusions de cette rencontre seront transmises aux autorit\u00e9s minist\u00e9rielles comp\u00e9tentes, afin de leur fournir une base de travail tenant compte des besoins et des solutions formul\u00e9es par les populations elles-m\u00eames confront\u00e9es, chaque ann\u00e9e, aux inondations aux Parcelles Assainies.<\/p>\n","protected":false},"excerpt":{"rendered":"<p>\/ La directrice de cabinet adjointe du pr\u00e9sident de la R\u00e9publique, Fatou Kin\u00e9 Diakhat\u00e9, s\u2019est rendue ce jeudi aux Parcelles Assainies pour une visite de terrain consacr\u00e9e aux probl\u00e8mes r\u00e9currents d\u2019inondations que conna\u00eet la commune en p\u00e9riode hivernale. Membre fondatrice de KIIRAAY-Les Patriotes R\u00e9publicains,\u00a0 Face \u00e0 la presse, Fatou Kin\u00e9 Diakhat\u00e9 a rappel\u00e9 que les [&hellip;]<\/p>\n","protected":false},"author":1,"featured_media":0,"template":"","class_list":["post-61","communique","type-communique","status-publish","hentry"],"_links":{"self":[{"href":"https:\/\/kiiraaylespatriotes.sn\/index.php?rest_route=\/wp\/v2\/communique\/61","targetHints":{"allow":["GET"]}}],"collection":[{"href":"https:\/\/kiiraaylespatriotes.sn\/index.php?rest_route=\/wp\/v2\/communique"}],"about":[{"href":"https:\/\/kiiraaylespatriotes.sn\/index.php?rest_route=\/wp\/v2\/types\/communique"}],"author":[{"embeddable":true,"href":"https:\/\/kiiraaylespatriotes.sn\/index.php?rest_route=\/wp\/v2\/users\/1"}],"version-history":[{"count":1,"href":"https:\/\/kiiraaylespatriotes.sn\/index.php?rest_route=\/wp\/v2\/communique\/61\/revisions"}],"predecessor-version":[{"id":64,"href":"https:\/\/kiiraaylespatriotes.sn\/index.php?rest_route=\/wp\/v2\/communique\/61\/revisions\/64"}],"wp:attachment":[{"href":"https:\/\/kiiraaylespatriotes.sn\/index.php?rest_route=%2Fwp%2Fv2%2Fmedia&parent=61"}],"curies":[{"name":"wp","href":"https:\/\/api.w.org\/{rel}","templated":true}]}}